{"id":1256,"date":"2023-12-14T09:43:42","date_gmt":"2023-12-14T09:43:42","guid":{"rendered":"https:\/\/konigiberica.com\/?page_id=1256"},"modified":"2024-01-04T18:26:31","modified_gmt":"2024-01-04T18:26:31","slug":"politica-de-proteccion-de-datos","status":"publish","type":"page","link":"https:\/\/konigiberica.com\/ca\/politica-de-proteccion-de-datos\/","title":{"rendered":"Pol\u00edtica de protecci\u00f3 de dades"},"content":{"rendered":"<div data-elementor-type=\"wp-page\" data-elementor-id=\"1256\" class=\"elementor elementor-1256\" data-elementor-post-type=\"page\">\n\t\t\t\t\t\t<section class=\"elementor-section elementor-top-section elementor-element elementor-element-6d327bb elementor-section-height-min-height elementor-section-boxed elementor-section-height-default elementor-section-items-middle wpr-particle-no wpr-jarallax-no wpr-parallax-no wpr-sticky-section-no\" data-id=\"6d327bb\" data-element_type=\"section\" data-e-type=\"section\" data-settings=\"{&quot;background_background&quot;:&quot;classic&quot;}\">\n\t\t\t\t\t\t\t<div class=\"elementor-background-overlay\"><\/div>\n\t\t\t\t\t\t\t<div class=\"elementor-container elementor-column-gap-default\">\n\t\t\t\t\t<div class=\"elementor-column elementor-col-100 elementor-top-column elementor-element elementor-element-209d2d1\" data-id=\"209d2d1\" data-element_type=\"column\" data-e-type=\"column\">\n\t\t\t<div class=\"elementor-widget-wrap elementor-element-populated\">\n\t\t\t\t\t\t<div class=\"elementor-element elementor-element-5d664e2 elementor-icon-list--layout-inline elementor-align-center elementor-list-item-link-full_width de_scroll_animation_no elementor-invisible elementor-widget elementor-widget-icon-list\" data-id=\"5d664e2\" data-element_type=\"widget\" data-e-type=\"widget\" data-settings=\"{&quot;_animation&quot;:&quot;fadeIn&quot;,&quot;_animation_delay&quot;:200}\" data-widget_type=\"icon-list.default\">\n\t\t\t\t<div class=\"elementor-widget-container\">\n\t\t\t\t\t\t\t<ul class=\"elementor-icon-list-items elementor-inline-items\">\n\t\t\t\t\t\t\t<li class=\"elementor-icon-list-item elementor-inline-item\">\n\t\t\t\t\t\t\t\t\t\t\t<a href=\"https:\/\/konigiberica.com\/ca\">\n\n\t\t\t\t\t\t\t\t\t\t\t<span class=\"elementor-icon-list-text\">INICI<\/span>\n\t\t\t\t\t\t\t\t\t\t\t<\/a>\n\t\t\t\t\t\t\t\t\t<\/li>\n\t\t\t\t\t\t\t\t<li class=\"elementor-icon-list-item elementor-inline-item\">\n\t\t\t\t\t\t\t\t\t\t\t<span class=\"elementor-icon-list-icon\">\n\t\t\t\t\t\t\t<svg aria-hidden=\"true\" class=\"e-font-icon-svg e-fas-square-full\" viewbox=\"0 0 512 512\" xmlns=\"http:\/\/www.w3.org\/2000\/svg\"><path d=\"M512 512H0V0h512v512z\"><\/path><\/svg>\t\t\t\t\t\t<\/span>\n\t\t\t\t\t\t\t\t\t\t<span class=\"elementor-icon-list-text\"><\/span>\n\t\t\t\t\t\t\t\t\t<\/li>\n\t\t\t\t\t\t<\/ul>\n\t\t\t\t\t\t<\/div>\n\t\t\t\t<\/div>\n\t\t\t\t\t<\/div>\n\t\t<\/div>\n\t\t\t\t\t<\/div>\n\t\t<\/section>\n\t\t\t\t<section class=\"elementor-section elementor-top-section elementor-element elementor-element-4fb3e1fa elementor-reverse-mobile elementor-reverse-tablet elementor-section-boxed elementor-section-height-default elementor-section-height-default wpr-particle-no wpr-jarallax-no wpr-parallax-no wpr-sticky-section-no\" data-id=\"4fb3e1fa\" data-element_type=\"section\" data-e-type=\"section\">\n\t\t\t\t\t\t<div class=\"elementor-container elementor-column-gap-default\">\n\t\t\t\t\t<div class=\"elementor-column elementor-col-100 elementor-top-column elementor-element elementor-element-1d9d757a\" data-id=\"1d9d757a\" data-element_type=\"column\" data-e-type=\"column\">\n\t\t\t<div class=\"elementor-widget-wrap elementor-element-populated\">\n\t\t\t\t\t\t<div class=\"elementor-element elementor-element-1c687800 de_scroll_animation_no elementor-invisible elementor-widget elementor-widget-text-editor\" data-id=\"1c687800\" data-element_type=\"widget\" data-e-type=\"widget\" data-settings=\"{&quot;_animation&quot;:&quot;fadeIn&quot;,&quot;_animation_delay&quot;:400}\" data-widget_type=\"text-editor.default\">\n\t\t\t\t<div class=\"elementor-widget-container\">\n\t\t\t\t\t\t\t\t\t<p>EL TITULAR es compromet a protegir la privadesa dels usuaris que accedeixin a aquesta web i\/o qualsevol dels seus serveis. La utilitzaci\u00f3 de la web i\/o de qualsevol dels serveis oferts per EL TITULAR implica l&#039;acceptaci\u00f3 per l&#039;usuari de les disposicions contingudes en aquesta Pol\u00edtica de Privadesa i que les seves dades personals siguin tractades segons s&#039;hi estipula. Si us plau, tingueu en compte que tot i que hi pugui haver enlla\u00e7os de la nostra web a altres webs o xarxes socials, aquesta Pol\u00edtica de Privadesa no s&#039;aplica a les webs d&#039;altres companyies o organitzacions a les quals la web estigui redirigida. EL TITULAR no controla el contingut de les webs de tercers, ni accepta qualsevol responsabilitat pel contingut o les pol\u00edtiques de privadesa d&#039;aquestes webs.<\/p><p>\u00a0<\/p><p class=\"text-bold\"><strong>Informaci\u00f3 b\u00e0sica sobre el tractament de dades (Reglament (UE) 2016\/679 i LO 3\/2018)<\/strong><\/p><table><tbody><tr><td>Responsable del tractament<\/td><td>EL TITULAR.<br \/>Les nostres dades figuren a l&#039;av\u00eds legal d&#039;aquesta web.<\/td><\/tr><tr><td>Finalitat del tractament<\/td><td>Oferir i gestionar els nostres productes i\/o serveis.<\/td><\/tr><tr><td>Legitimaci\u00f3<\/td><td>Consentiment obtingut de linteressat. Execuci\u00f3 del contracte de serveis.<\/td><\/tr><tr><td>Destinataris<\/td><td>Les dades no seran comunicades a tercers, llevat que ho exigeixi una llei o sigui necessari per complir amb la finalitat del tractament.<\/td><\/tr><tr><td>Drets de les persones<\/td><td>Els interessats tenen dret a exercir els drets dacc\u00e9s, rectificaci\u00f3, limitaci\u00f3 de tractament, supressi\u00f3, portabilitat i oposici\u00f3, enviant la seva sol\u00b7licitud a la nostra adre\u00e7a.<\/td><\/tr><tr><td>Termini de conservaci\u00f3 de les dades<\/td><td>Mentre es mantingui la relaci\u00f3 comercial o durant els anys necessaris per complir les obligacions legals.<\/td><\/tr><tr><td>Reclamaci\u00f3<\/td><td>Els interessats poden adre\u00e7ar-se a lAEPD per presentar la reclamaci\u00f3 que consideri oportuna.<\/td><\/tr><tr><td>Informaci\u00f3 addicional<\/td><td>Podeu consultar la informaci\u00f3 addicional i detallada a continuaci\u00f3 a les \u201cPreguntes sobre privadesa\u201d.<\/td><\/tr><\/tbody><\/table><p>\u00a0<\/p><p class=\"titol text-bold text-uppercase\"><strong>Preguntes sobre privadesa<\/strong><\/p><p>En compliment del Reglament (UE) 2016\/679 del Parlament Europeu i del Consell, del 27 d&#039;abril del 2016, (RGPD), i la Llei Org\u00e0nica 3\/2018, del 5 de desembre, de Protecci\u00f3 de Dades Personals i garantia dels drets digitals (LOPDGDD us oferim la seg\u00fcent informaci\u00f3 sobre el tractament de les vostres dades personals:<\/p><p>\u00a0<\/p><p class=\"text-bold\"><strong>Qui \u00e9s el responsable del tractament de les vostres dades?<\/strong><\/p><p>EL TITULAR.<br \/>Les nostres dades figuren a l&#039;av\u00eds legal d&#039;aquesta web.<\/p><p class=\"text-bold\">Amb quina finalitat tractem les vostres dades personals?<\/p><div class=\"cont\"><ul><li>Tractem la informaci\u00f3 que se&#039;ns facilita per prestar i facturar els nostres serveis i productes.<\/li><\/ul><\/div><div class=\"cont\"><ul><li>Si ens doneu el vostre consentiment tamb\u00e9 podrem tractar les vostres dades per enviar-vos informaci\u00f3 sobre les nostres activitats, serveis i productes.<\/li><\/ul><\/div><div class=\"cont\"><ul><li>Si participa en algun dels nostres sorteigs i\/o concursos publicarem el seu nom i cognoms, i la seva imatge, als diferents espais i mitjans de comunicaci\u00f3 i difusi\u00f3 que utilitzem, incloses les xarxes socials, per tal de promocionar les nostres activitats, serveis i productes .<\/li><\/ul><p>\u00a0<\/p><\/div><p class=\"text-bold\"><strong>Quant de temps conservarem les vostres dades?<\/strong><\/p><p>Les dades personals proporcionades es conservaran mentre sigui usuari dels nostres serveis o vulgui rebre informaci\u00f3, i si participa en una promoci\u00f3 mentre estigui activa, i despr\u00e9s, durant els terminis establerts per complir les nostres obligacions legals.<\/p><p>\u00a0<\/p><p class=\"text-bold\"><strong>Quina \u00e9s la legitimaci\u00f3 per al tractament de les vostres dades?<\/strong><\/p><p>La base legal per als tractaments de les vostres dades s\u00f3n els consentiments que ens d\u00f3na.<\/p><p>Pel que fa a la informaci\u00f3 que ens sigui enviada per menors de 16 anys, s&#039;entendr\u00e0 que ho ha estat amb el consentiment dels representants legals. Si no \u00e9s aix\u00ed, el representant legal del menor ens ho ha de comunicar tan aviat com en tingui coneixement.<\/p><p>\u00a0<\/p><p class=\"text-bold\"><strong>A quins destinataris es comunicaran les vostres dades?<\/strong><\/p><p>Les dades no seran comunicades a tercers, llevat que ho exigeixi una llei o sigui necessari per complir amb la finalitat del tractament.<\/p><p>\u00a0<\/p><p class=\"text-bold\"><strong>Quins s\u00f3n els vostres drets quan ens facilita les vostres dades?<\/strong><\/p><div class=\"cont\"><ul><li>Qualsevol persona t\u00e9 dret a obtenir confirmaci\u00f3 sobre si estem tractant o no les vostres dades personals.<\/li><\/ul><\/div><div class=\"cont\"><ul><li>Els interessats tenen dret a accedir a les seves dades personals, aix\u00ed com a sol\u00b7licitar la rectificaci\u00f3 de les dades inexactes o, si escau, sol\u00b7licitar la seva supressi\u00f3 quan, entre altres motius, les dades ja no siguin necess\u00e0ries per a les finalitats per a les quals es van recollir .<\/li><\/ul><\/div><div class=\"cont\"><ul><li>En determinades circumst\u00e0ncies els interessats podran sol\u00b7licitar la limitaci\u00f3 del tractament de les vostres dades, en aquest cas \u00fanicament les conservarem per a l&#039;exercici o la defensa de reclamacions.<\/li><\/ul><\/div><div class=\"cont\"><ul><li>Tamb\u00e9, en determinades circumst\u00e0ncies i per motius relacionats amb la seva situaci\u00f3 particular, els interessats poden oposar-se al tractament de les dades.<\/li><\/ul><\/div><div class=\"cont\"><ul><li>Els interessats tamb\u00e9 tenen dret a la portabilitat de les vostres dades.<\/li><\/ul><\/div><div class=\"cont\"><ul><li>Finalment, els interessats tenen dret a presentar una reclamaci\u00f3 davant de l&#039;Autoritat de Control competent.<\/li><\/ul><p>\u00a0<\/p><\/div><p class=\"text-bold\"><strong>Com podeu exercir els vostres drets?<\/strong><\/p><p>Enviant un escrit adjuntant una c\u00f2pia d&#039;un document que ho identifiqui, a la nostra adre\u00e7a f\u00edsica o electr\u00f2nica.<\/p><p>\u00a0<\/p><p class=\"text-bold\"><strong>Com hem obtingut les vostres dades?<\/strong><\/p><p>Les dades personals que tractem procedeixen del mateix interessat. L&#039;interessat garanteix que les dades personals facilitades s\u00f3n certes i es fa responsable de comunicar-ne qualsevol modificaci\u00f3. Les dades que estiguin marcades amb un asterisc seran obligat\u00f2ries per poder donar-li el servei sol\u00b7licitat.<\/p><p>\u00a0<\/p><p class=\"text-bold\"><strong>Quines dades tractem?<\/strong><\/p><p>Les categories de dades que podem tractar en la prestaci\u00f3 dels nostres serveis s\u00f3n:<\/p><div class=\"cont\"><ul><li>Dades de car\u00e0cter identificatiu<\/li><\/ul><\/div><div class=\"cont\"><ul><li>Adreces postals o electr\u00f2niques<\/li><\/ul><\/div><div class=\"cont\"><ul><li>Altres dades sol\u00b7licitades als nostres formularis<\/li><\/ul><\/div><p>Les dades s\u00f3n limitades, at\u00e8s que \u00fanicament tractem les dades necess\u00e0ries per a la prestaci\u00f3 dels nostres serveis i la gesti\u00f3 de la nostra activitat.<\/p><p>\u00a0<\/p><p class=\"text-bold\"><strong>Fem servir galetes?<\/strong><\/p><p>Utilitzem cookies durant la navegaci\u00f3 a la nostra web amb el consentiment informat de l&#039;usuari. L&#039;usuari pot configurar el navegador per ser avisat de la utilitzaci\u00f3 de cookies i per evitar-ne l&#039;\u00fas. Per obtenir m\u00e9s informaci\u00f3 visiteu la nostra pol\u00edtica de cookies.<\/p><p>\u00a0<\/p><p class=\"text-bold\"><strong>Quines mesures de seguretat apliquem?<\/strong><\/p><p>Apliquem les mesures de seguretat establertes a l&#039;article 32 del RGPD, per tant, hem adoptat les mesures de seguretat necess\u00e0ries per garantir un nivell de seguretat adequat al risc del tractament de dades que realitzem, amb mecanismes que ens permeten garantir la confidencialitat, integritat, disponibilitat i resili\u00e8ncia permanent dels sistemes i serveis de tractament.<\/p><p>Algunes daquestes mesures s\u00f3n:<\/p><div class=\"cont\"><ul><li>Informaci\u00f3 de les pol\u00edtiques de tractament de dades al personal.<\/li><\/ul><\/div><div class=\"cont\"><ul><li>Realitzaci\u00f3 de c\u00f2pies de seguretat peri\u00f2diques.<\/li><\/ul><\/div><div class=\"cont\"><ul><li>Control dacc\u00e9s a les dades.<\/li><\/ul><\/div><div class=\"cont\"><ul><li>Processos de verificaci\u00f3, avaluaci\u00f3 i valoraci\u00f3 regulars.<\/li><\/ul><\/div>\t\t\t\t\t\t\t\t<\/div>\n\t\t\t\t<\/div>\n\t\t\t\t\t<\/div>\n\t\t<\/div>\n\t\t\t\t\t<\/div>\n\t\t<\/section>\n\t\t\t\t<\/div>","protected":false},"excerpt":{"rendered":"<p>INICIO EL TITULAR se compromete a proteger la privacidad de los usuarios que accedan a esta web y\/o cualquiera de sus servicios. La utilizaci\u00f3n de la web y\/o de cualquiera de los servicios ofrecidos por EL TITULAR implica la aceptaci\u00f3n por el usuario de las disposiciones contenidas en la presente Pol\u00edtica de Privacidad y que sus datos personales sean tratados seg\u00fan se estipula en ella. Por favor, tenga en cuenta que a pesar de que pueda haber enlaces de nuestra web a otras webs o redes sociales, esta Pol\u00edtica de Privacidad no se aplica a las webs de otras compa\u00f1\u00edas u organizaciones a las que la web est\u00e9 redirigida. EL TITULAR no controla el contenido de las webs de terceros, ni acepta cualquier responsabilidad por el contenido o las pol\u00edticas de privacidad de estas webs. \u00a0 Informaci\u00f3n b\u00e1sica sobre el tratamiento de datos (Reglamento (UE) 2016\/679 y LO 3\/2018) Responsable del tratamiento EL TITULAR.Nuestros datos figuran en el\u00a0aviso legal\u00a0de esta web. Finalidad del tratamiento Ofrecer y gestionar nuestros productos i\/o servicios. Legitimaci\u00f3n Consentimiento obtenido del interesado. Ejecuci\u00f3n del contrato de servicios. Destinatarios Los datos no ser\u00e1n comunicados a terceros, salvo que lo exija una Ley o sea necesario para cumplir con la finalidad del tratamiento. Derechos de las personas Los interesados tienen derecho a ejercer los derechos de acceso, rectificaci\u00f3n, limitaci\u00f3n de tratamiento, supresi\u00f3n, portabilidad y oposici\u00f3n, enviando su solicitud a nuestra direcci\u00f3n. Plazo de conservaci\u00f3n de los datos Mientras se mantenga la relaci\u00f3n comercial o durante los a\u00f1os necesarios para cumplir con las obligaciones legales. Reclamaci\u00f3n Los interesados pueden dirigirse a la AEPD para presentar la reclamaci\u00f3n que considere oportuna. Informaci\u00f3n adicional Puede consultar la informaci\u00f3n adicional y detallada a continuaci\u00f3n en las \u201cPreguntas sobre privacidad\u201d. \u00a0 Preguntas sobre privacidad En cumplimiento del Reglamento (UE) 2016\/679 del Parlamento Europeo y del Consejo, de 27 de abril de 2016, (RGPD), y la Ley Org\u00e1nica 3\/2018, de 5 de diciembre, de Protecci\u00f3n de Datos Personales y garant\u00eda de los derechos digitales (LOPDGDD le ofrecemos la siguiente informaci\u00f3n sobre el tratamiento de sus datos personales: \u00a0 \u00bfQui\u00e9n es el responsable del tratamiento de sus datos? EL TITULAR.Nuestros datos figuran en el\u00a0aviso legal\u00a0de esta web. \u00bfCon qu\u00e9 finalidad tratamos sus datos personales? Tratamos la informaci\u00f3n que se nos facilita para prestar y facturar nuestros servicios y productos. Si nos da su consentimiento tambi\u00e9n podremos tratar sus datos para enviarle informaci\u00f3n sobre nuestras actividades, servicios y productos. Si participa en alguno de nuestros sorteos y\/o concursos publicaremos su nombre y apellidos, y su imagen, en los diferentes espacios y medios de comunicaci\u00f3n y difusi\u00f3n que utilizamos, incluidas las redes sociales, con el fin de promocionar nuestras actividades, servicios y productos. \u00a0 \u00bfCu\u00e1nto tiempo conservaremos sus datos? Los datos personales proporcionados se conservar\u00e1n mientras sea usuario de nuestros servicios o quiera recibir informaci\u00f3n, y si participa en una promoci\u00f3n mientras est\u00e9 activa, y luego, durante los plazos establecidos para cumplir con nuestras obligaciones legales. \u00a0 \u00bfCu\u00e1l es la legitimaci\u00f3n para el tratamiento de sus datos? La base legal para los tratamientos de sus datos son los consentimientos que nos da. Respecto a la informaci\u00f3n que nos sea enviada por menores de 16 a\u00f1os, se entender\u00e1 que lo ha sido con el consentimiento de sus representantes legales. Si no es as\u00ed, el representante legal del menor nos lo tiene que comunicar tan pronto como tenga conocimiento. \u00a0 \u00bfA qu\u00e9 destinatarios se comunicar\u00e1n sus datos? Los datos no ser\u00e1n comunicados a terceros, salvo que lo exija una Ley o sea necesario para cumplir con la finalidad del tratamiento. \u00a0 \u00bfCu\u00e1les son sus derechos cuando nos facilita sus datos? Cualquier persona tiene derecho a obtener confirmaci\u00f3n sobre si estamos tratando o no sus datos personales. Los interesados tienen derecho a acceder a sus datos personales, as\u00ed como a solicitar la rectificaci\u00f3n de los datos inexactos o, en su caso, solicitar su supresi\u00f3n cuando, entre otros motivos, los datos ya no sean necesarios para las finalidades para las que se recogieron. En determinadas circunstancias los interesados podr\u00e1n solicitar la limitaci\u00f3n del tratamiento de sus datos, en este caso \u00fanicamente los conservaremos para el ejercicio o la defensa de reclamaciones. Tambi\u00e9n, en determinadas circunstancias y por motivos relacionados con su situaci\u00f3n particular, los interesados pueden oponerse al tratamiento de sus datos. Los interesados tambi\u00e9n tienen derecho a la portabilidad de sus datos. Finalmente, los interesados tienen derecho a presentar una reclamaci\u00f3n ante la Autoridad de Control competente. \u00a0 \u00bfC\u00f3mo puede ejercer sus derechos? Enviando un escrito adjuntando una copia de un documento que lo identifique, a nuestra direcci\u00f3n f\u00edsica o electr\u00f3nica. \u00a0 \u00bfC\u00f3mo hemos obtenido sus datos? Los datos personales que tratamos proceden del propio interesado. El interesado garantiza que los datos personales facilitados son ciertos y se hace responsable de comunicar cualquier modificaci\u00f3n de estos. Los datos que est\u00e9n marcados con un asterisco ser\u00e1n obligatorios para poder darle el servicio solicitado. \u00a0 \u00bfQu\u00e9 datos tratamos? Las categor\u00edas de datos que podemos tratar en la prestaci\u00f3n de nuestros servicios son: Datos de car\u00e1cter identificativo Direcciones postales o electr\u00f3nicas Otros datos solicitados en nuestros formularios Los datos son limitados, dado que \u00fanicamente tratamos los datos necesarios para la prestaci\u00f3n de nuestros servicios y la gesti\u00f3n de nuestra actividad. \u00a0 \u00bfUsamos cookies? Utilizamos cookies durante la navegaci\u00f3n en nuestra web con el consentimiento informado del usuario. El usuario puede configurar su navegador para ser avisado de la utilizaci\u00f3n de cookies y para evitar su uso. Para obtener m\u00e1s informaci\u00f3n visite nuestra\u00a0pol\u00edtica de cookies. \u00a0 \u00bfQu\u00e9 medidas de seguridad aplicamos? Aplicamos las medidas de seguridad establecidas en el art\u00edculo 32 del RGPD, por tanto, hemos adoptado las medidas de seguridad necesarias para garantizar un nivel de seguridad adecuado al riesgo del tratamiento de datos que realizamos, con mecanismos que nos permiten garantizar la confidencialidad, integridad, disponibilidad y resiliencia permanente de los sistemas y servicios de tratamiento. Algunas de estas medidas son: Informaci\u00f3n de las pol\u00edticas de tratamiento de datos al personal. Realizaci\u00f3n de copias de seguridad peri\u00f3dicas. Control de acceso a los<a href=\"https:\/\/konigiberica.com\/ca\/politica-de-proteccion-de-datos\/\" rel=\"bookmark\">Read More &raquo;<span class=\"screen-reader-text\">Pol\u00edtica de protecci\u00f3 de dades<\/span><\/a><\/p>","protected":false},"author":1,"featured_media":0,"parent":0,"menu_order":0,"comment_status":"closed","ping_status":"closed","template":"page-templates\/template-pagebuilder-full-width.php","meta":{"neve_meta_sidebar":"","neve_meta_container":"","neve_meta_enable_content_width":"off","neve_meta_content_width":100,"neve_meta_title_alignment":"","neve_meta_author_avatar":"","neve_post_elements_order":"","neve_meta_disable_header":"","neve_meta_disable_footer":"","neve_meta_disable_title":"","neve_meta_reading_time":"","footnotes":""},"class_list":["post-1256","page","type-page","status-publish","hentry"],"yoast_head":"<!-- This site is optimized with the Yoast SEO plugin v26.9 - https:\/\/yoast.com\/product\/yoast-seo-wordpress\/ -->\n<title>Pol\u00edtica de protecci\u00f3n de datos - K\u00f6nig. T\u00e9cnicas de reparaci\u00f3n y materiales de superficie<\/title>\n<meta name=\"robots\" content=\"index, follow, max-snippet:-1, max-image-preview:large, max-video-preview:-1\" \/>\n<link rel=\"canonical\" href=\"https:\/\/konigiberica.com\/ca\/politica-de-proteccion-de-datos\/\" \/>\n<meta property=\"og:locale\" content=\"ca_ES\" \/>\n<meta property=\"og:type\" content=\"article\" \/>\n<meta property=\"og:title\" content=\"Pol\u00edtica de protecci\u00f3n de datos - K\u00f6nig. T\u00e9cnicas de reparaci\u00f3n y materiales de superficie\" \/>\n<meta property=\"og:description\" content=\"INICIO EL TITULAR se compromete a proteger la privacidad de los usuarios que accedan a esta web y\/o cualquiera de sus servicios. La utilizaci\u00f3n de la web y\/o de cualquiera de los servicios ofrecidos por EL TITULAR implica la aceptaci\u00f3n por el usuario de las disposiciones contenidas en la presente Pol\u00edtica de Privacidad y que sus datos personales sean tratados seg\u00fan se estipula en ella. Por favor, tenga en cuenta que a pesar de que pueda haber enlaces de nuestra web a otras webs o redes sociales, esta Pol\u00edtica de Privacidad no se aplica a las webs de otras compa\u00f1\u00edas u organizaciones a las que la web est\u00e9 redirigida. EL TITULAR no controla el contenido de las webs de terceros, ni acepta cualquier responsabilidad por el contenido o las pol\u00edticas de privacidad de estas webs. \u00a0 Informaci\u00f3n b\u00e1sica sobre el tratamiento de datos (Reglamento (UE) 2016\/679 y LO 3\/2018) Responsable del tratamiento EL TITULAR.Nuestros datos figuran en el\u00a0aviso legal\u00a0de esta web. Finalidad del tratamiento Ofrecer y gestionar nuestros productos i\/o servicios. Legitimaci\u00f3n Consentimiento obtenido del interesado. Ejecuci\u00f3n del contrato de servicios. Destinatarios Los datos no ser\u00e1n comunicados a terceros, salvo que lo exija una Ley o sea necesario para cumplir con la finalidad del tratamiento. Derechos de las personas Los interesados tienen derecho a ejercer los derechos de acceso, rectificaci\u00f3n, limitaci\u00f3n de tratamiento, supresi\u00f3n, portabilidad y oposici\u00f3n, enviando su solicitud a nuestra direcci\u00f3n. Plazo de conservaci\u00f3n de los datos Mientras se mantenga la relaci\u00f3n comercial o durante los a\u00f1os necesarios para cumplir con las obligaciones legales. Reclamaci\u00f3n Los interesados pueden dirigirse a la AEPD para presentar la reclamaci\u00f3n que considere oportuna. Informaci\u00f3n adicional Puede consultar la informaci\u00f3n adicional y detallada a continuaci\u00f3n en las \u201cPreguntas sobre privacidad\u201d. \u00a0 Preguntas sobre privacidad En cumplimiento del Reglamento (UE) 2016\/679 del Parlamento Europeo y del Consejo, de 27 de abril de 2016, (RGPD), y la Ley Org\u00e1nica 3\/2018, de 5 de diciembre, de Protecci\u00f3n de Datos Personales y garant\u00eda de los derechos digitales (LOPDGDD le ofrecemos la siguiente informaci\u00f3n sobre el tratamiento de sus datos personales: \u00a0 \u00bfQui\u00e9n es el responsable del tratamiento de sus datos? EL TITULAR.Nuestros datos figuran en el\u00a0aviso legal\u00a0de esta web. \u00bfCon qu\u00e9 finalidad tratamos sus datos personales? Tratamos la informaci\u00f3n que se nos facilita para prestar y facturar nuestros servicios y productos. Si nos da su consentimiento tambi\u00e9n podremos tratar sus datos para enviarle informaci\u00f3n sobre nuestras actividades, servicios y productos. Si participa en alguno de nuestros sorteos y\/o concursos publicaremos su nombre y apellidos, y su imagen, en los diferentes espacios y medios de comunicaci\u00f3n y difusi\u00f3n que utilizamos, incluidas las redes sociales, con el fin de promocionar nuestras actividades, servicios y productos. \u00a0 \u00bfCu\u00e1nto tiempo conservaremos sus datos? Los datos personales proporcionados se conservar\u00e1n mientras sea usuario de nuestros servicios o quiera recibir informaci\u00f3n, y si participa en una promoci\u00f3n mientras est\u00e9 activa, y luego, durante los plazos establecidos para cumplir con nuestras obligaciones legales. \u00a0 \u00bfCu\u00e1l es la legitimaci\u00f3n para el tratamiento de sus datos? La base legal para los tratamientos de sus datos son los consentimientos que nos da. Respecto a la informaci\u00f3n que nos sea enviada por menores de 16 a\u00f1os, se entender\u00e1 que lo ha sido con el consentimiento de sus representantes legales. Si no es as\u00ed, el representante legal del menor nos lo tiene que comunicar tan pronto como tenga conocimiento. \u00a0 \u00bfA qu\u00e9 destinatarios se comunicar\u00e1n sus datos? Los datos no ser\u00e1n comunicados a terceros, salvo que lo exija una Ley o sea necesario para cumplir con la finalidad del tratamiento. \u00a0 \u00bfCu\u00e1les son sus derechos cuando nos facilita sus datos? Cualquier persona tiene derecho a obtener confirmaci\u00f3n sobre si estamos tratando o no sus datos personales. Los interesados tienen derecho a acceder a sus datos personales, as\u00ed como a solicitar la rectificaci\u00f3n de los datos inexactos o, en su caso, solicitar su supresi\u00f3n cuando, entre otros motivos, los datos ya no sean necesarios para las finalidades para las que se recogieron. En determinadas circunstancias los interesados podr\u00e1n solicitar la limitaci\u00f3n del tratamiento de sus datos, en este caso \u00fanicamente los conservaremos para el ejercicio o la defensa de reclamaciones. Tambi\u00e9n, en determinadas circunstancias y por motivos relacionados con su situaci\u00f3n particular, los interesados pueden oponerse al tratamiento de sus datos. Los interesados tambi\u00e9n tienen derecho a la portabilidad de sus datos. Finalmente, los interesados tienen derecho a presentar una reclamaci\u00f3n ante la Autoridad de Control competente. \u00a0 \u00bfC\u00f3mo puede ejercer sus derechos? Enviando un escrito adjuntando una copia de un documento que lo identifique, a nuestra direcci\u00f3n f\u00edsica o electr\u00f3nica. \u00a0 \u00bfC\u00f3mo hemos obtenido sus datos? Los datos personales que tratamos proceden del propio interesado. El interesado garantiza que los datos personales facilitados son ciertos y se hace responsable de comunicar cualquier modificaci\u00f3n de estos. Los datos que est\u00e9n marcados con un asterisco ser\u00e1n obligatorios para poder darle el servicio solicitado. \u00a0 \u00bfQu\u00e9 datos tratamos? Las categor\u00edas de datos que podemos tratar en la prestaci\u00f3n de nuestros servicios son: Datos de car\u00e1cter identificativo Direcciones postales o electr\u00f3nicas Otros datos solicitados en nuestros formularios Los datos son limitados, dado que \u00fanicamente tratamos los datos necesarios para la prestaci\u00f3n de nuestros servicios y la gesti\u00f3n de nuestra actividad. \u00a0 \u00bfUsamos cookies? Utilizamos cookies durante la navegaci\u00f3n en nuestra web con el consentimiento informado del usuario. El usuario puede configurar su navegador para ser avisado de la utilizaci\u00f3n de cookies y para evitar su uso. Para obtener m\u00e1s informaci\u00f3n visite nuestra\u00a0pol\u00edtica de cookies. \u00a0 \u00bfQu\u00e9 medidas de seguridad aplicamos? Aplicamos las medidas de seguridad establecidas en el art\u00edculo 32 del RGPD, por tanto, hemos adoptado las medidas de seguridad necesarias para garantizar un nivel de seguridad adecuado al riesgo del tratamiento de datos que realizamos, con mecanismos que nos permiten garantizar la confidencialidad, integridad, disponibilidad y resiliencia permanente de los sistemas y servicios de tratamiento. Algunas de estas medidas son: Informaci\u00f3n de las pol\u00edticas de tratamiento de datos al personal. Realizaci\u00f3n de copias de seguridad peri\u00f3dicas. Control de acceso a losRead More &raquo;Pol\u00edtica de protecci\u00f3n de datos\" \/>\n<meta property=\"og:url\" content=\"https:\/\/konigiberica.com\/ca\/politica-de-proteccion-de-datos\/\" \/>\n<meta property=\"og:site_name\" content=\"K\u00f6nig. T\u00e9cnicas de reparaci\u00f3n y materiales de superficie\" \/>\n<meta property=\"article:modified_time\" content=\"2024-01-04T18:26:31+00:00\" \/>\n<meta name=\"twitter:card\" content=\"summary_large_image\" \/>\n<meta name=\"twitter:label1\" content=\"Temps estimat de lectura\" \/>\n\t<meta name=\"twitter:data1\" content=\"5 minuts\" \/>\n<script type=\"application\/ld+json\" class=\"yoast-schema-graph\">{\"@context\":\"https:\/\/schema.org\",\"@graph\":[{\"@type\":\"WebPage\",\"@id\":\"https:\/\/konigiberica.com\/politica-de-proteccion-de-datos\/\",\"url\":\"https:\/\/konigiberica.com\/politica-de-proteccion-de-datos\/\",\"name\":\"Pol\u00edtica de protecci\u00f3n de datos - K\u00f6nig. T\u00e9cnicas de reparaci\u00f3n y materiales de superficie\",\"isPartOf\":{\"@id\":\"https:\/\/konigiberica.com\/#website\"},\"datePublished\":\"2023-12-14T09:43:42+00:00\",\"dateModified\":\"2024-01-04T18:26:31+00:00\",\"breadcrumb\":{\"@id\":\"https:\/\/konigiberica.com\/politica-de-proteccion-de-datos\/#breadcrumb\"},\"inLanguage\":\"ca\",\"potentialAction\":[{\"@type\":\"ReadAction\",\"target\":[\"https:\/\/konigiberica.com\/politica-de-proteccion-de-datos\/\"]}]},{\"@type\":\"BreadcrumbList\",\"@id\":\"https:\/\/konigiberica.com\/politica-de-proteccion-de-datos\/#breadcrumb\",\"itemListElement\":[{\"@type\":\"ListItem\",\"position\":1,\"name\":\"Portada\",\"item\":\"https:\/\/konigiberica.com\/\"},{\"@type\":\"ListItem\",\"position\":2,\"name\":\"Pol\u00edtica de protecci\u00f3n de datos\"}]},{\"@type\":\"WebSite\",\"@id\":\"https:\/\/konigiberica.com\/#website\",\"url\":\"https:\/\/konigiberica.com\/\",\"name\":\"K\u00f6nig. T\u00e9cnicas de reparaci\u00f3n y materiales de superficie\",\"description\":\"K\u00f6nig tiene un nivel inigualable de experiencia en t\u00e9cnicas de reparaci\u00f3n y materiales de superficies.\",\"potentialAction\":[{\"@type\":\"SearchAction\",\"target\":{\"@type\":\"EntryPoint\",\"urlTemplate\":\"https:\/\/konigiberica.com\/?s={search_term_string}\"},\"query-input\":{\"@type\":\"PropertyValueSpecification\",\"valueRequired\":true,\"valueName\":\"search_term_string\"}}],\"inLanguage\":\"ca\"}]}<\/script>\n<!-- \/ Yoast SEO plugin. -->","yoast_head_json":{"title":"Pol\u00edtica de protecci\u00f3n de datos - K\u00f6nig. T\u00e9cnicas de reparaci\u00f3n y materiales de superficie","robots":{"index":"index","follow":"follow","max-snippet":"max-snippet:-1","max-image-preview":"max-image-preview:large","max-video-preview":"max-video-preview:-1"},"canonical":"https:\/\/konigiberica.com\/ca\/politica-de-proteccion-de-datos\/","og_locale":"ca_ES","og_type":"article","og_title":"Pol\u00edtica de protecci\u00f3n de datos - K\u00f6nig. T\u00e9cnicas de reparaci\u00f3n y materiales de superficie","og_description":"INICIO EL TITULAR se compromete a proteger la privacidad de los usuarios que accedan a esta web y\/o cualquiera de sus servicios. La utilizaci\u00f3n de la web y\/o de cualquiera de los servicios ofrecidos por EL TITULAR implica la aceptaci\u00f3n por el usuario de las disposiciones contenidas en la presente Pol\u00edtica de Privacidad y que sus datos personales sean tratados seg\u00fan se estipula en ella. Por favor, tenga en cuenta que a pesar de que pueda haber enlaces de nuestra web a otras webs o redes sociales, esta Pol\u00edtica de Privacidad no se aplica a las webs de otras compa\u00f1\u00edas u organizaciones a las que la web est\u00e9 redirigida. EL TITULAR no controla el contenido de las webs de terceros, ni acepta cualquier responsabilidad por el contenido o las pol\u00edticas de privacidad de estas webs. \u00a0 Informaci\u00f3n b\u00e1sica sobre el tratamiento de datos (Reglamento (UE) 2016\/679 y LO 3\/2018) Responsable del tratamiento EL TITULAR.Nuestros datos figuran en el\u00a0aviso legal\u00a0de esta web. Finalidad del tratamiento Ofrecer y gestionar nuestros productos i\/o servicios. Legitimaci\u00f3n Consentimiento obtenido del interesado. Ejecuci\u00f3n del contrato de servicios. Destinatarios Los datos no ser\u00e1n comunicados a terceros, salvo que lo exija una Ley o sea necesario para cumplir con la finalidad del tratamiento. Derechos de las personas Los interesados tienen derecho a ejercer los derechos de acceso, rectificaci\u00f3n, limitaci\u00f3n de tratamiento, supresi\u00f3n, portabilidad y oposici\u00f3n, enviando su solicitud a nuestra direcci\u00f3n. Plazo de conservaci\u00f3n de los datos Mientras se mantenga la relaci\u00f3n comercial o durante los a\u00f1os necesarios para cumplir con las obligaciones legales. Reclamaci\u00f3n Los interesados pueden dirigirse a la AEPD para presentar la reclamaci\u00f3n que considere oportuna. Informaci\u00f3n adicional Puede consultar la informaci\u00f3n adicional y detallada a continuaci\u00f3n en las \u201cPreguntas sobre privacidad\u201d. \u00a0 Preguntas sobre privacidad En cumplimiento del Reglamento (UE) 2016\/679 del Parlamento Europeo y del Consejo, de 27 de abril de 2016, (RGPD), y la Ley Org\u00e1nica 3\/2018, de 5 de diciembre, de Protecci\u00f3n de Datos Personales y garant\u00eda de los derechos digitales (LOPDGDD le ofrecemos la siguiente informaci\u00f3n sobre el tratamiento de sus datos personales: \u00a0 \u00bfQui\u00e9n es el responsable del tratamiento de sus datos? EL TITULAR.Nuestros datos figuran en el\u00a0aviso legal\u00a0de esta web. \u00bfCon qu\u00e9 finalidad tratamos sus datos personales? Tratamos la informaci\u00f3n que se nos facilita para prestar y facturar nuestros servicios y productos. Si nos da su consentimiento tambi\u00e9n podremos tratar sus datos para enviarle informaci\u00f3n sobre nuestras actividades, servicios y productos. Si participa en alguno de nuestros sorteos y\/o concursos publicaremos su nombre y apellidos, y su imagen, en los diferentes espacios y medios de comunicaci\u00f3n y difusi\u00f3n que utilizamos, incluidas las redes sociales, con el fin de promocionar nuestras actividades, servicios y productos. \u00a0 \u00bfCu\u00e1nto tiempo conservaremos sus datos? Los datos personales proporcionados se conservar\u00e1n mientras sea usuario de nuestros servicios o quiera recibir informaci\u00f3n, y si participa en una promoci\u00f3n mientras est\u00e9 activa, y luego, durante los plazos establecidos para cumplir con nuestras obligaciones legales. \u00a0 \u00bfCu\u00e1l es la legitimaci\u00f3n para el tratamiento de sus datos? La base legal para los tratamientos de sus datos son los consentimientos que nos da. Respecto a la informaci\u00f3n que nos sea enviada por menores de 16 a\u00f1os, se entender\u00e1 que lo ha sido con el consentimiento de sus representantes legales. Si no es as\u00ed, el representante legal del menor nos lo tiene que comunicar tan pronto como tenga conocimiento. \u00a0 \u00bfA qu\u00e9 destinatarios se comunicar\u00e1n sus datos? Los datos no ser\u00e1n comunicados a terceros, salvo que lo exija una Ley o sea necesario para cumplir con la finalidad del tratamiento. \u00a0 \u00bfCu\u00e1les son sus derechos cuando nos facilita sus datos? Cualquier persona tiene derecho a obtener confirmaci\u00f3n sobre si estamos tratando o no sus datos personales. Los interesados tienen derecho a acceder a sus datos personales, as\u00ed como a solicitar la rectificaci\u00f3n de los datos inexactos o, en su caso, solicitar su supresi\u00f3n cuando, entre otros motivos, los datos ya no sean necesarios para las finalidades para las que se recogieron. En determinadas circunstancias los interesados podr\u00e1n solicitar la limitaci\u00f3n del tratamiento de sus datos, en este caso \u00fanicamente los conservaremos para el ejercicio o la defensa de reclamaciones. Tambi\u00e9n, en determinadas circunstancias y por motivos relacionados con su situaci\u00f3n particular, los interesados pueden oponerse al tratamiento de sus datos. Los interesados tambi\u00e9n tienen derecho a la portabilidad de sus datos. Finalmente, los interesados tienen derecho a presentar una reclamaci\u00f3n ante la Autoridad de Control competente. \u00a0 \u00bfC\u00f3mo puede ejercer sus derechos? Enviando un escrito adjuntando una copia de un documento que lo identifique, a nuestra direcci\u00f3n f\u00edsica o electr\u00f3nica. \u00a0 \u00bfC\u00f3mo hemos obtenido sus datos? Los datos personales que tratamos proceden del propio interesado. El interesado garantiza que los datos personales facilitados son ciertos y se hace responsable de comunicar cualquier modificaci\u00f3n de estos. Los datos que est\u00e9n marcados con un asterisco ser\u00e1n obligatorios para poder darle el servicio solicitado. \u00a0 \u00bfQu\u00e9 datos tratamos? Las categor\u00edas de datos que podemos tratar en la prestaci\u00f3n de nuestros servicios son: Datos de car\u00e1cter identificativo Direcciones postales o electr\u00f3nicas Otros datos solicitados en nuestros formularios Los datos son limitados, dado que \u00fanicamente tratamos los datos necesarios para la prestaci\u00f3n de nuestros servicios y la gesti\u00f3n de nuestra actividad. \u00a0 \u00bfUsamos cookies? Utilizamos cookies durante la navegaci\u00f3n en nuestra web con el consentimiento informado del usuario. El usuario puede configurar su navegador para ser avisado de la utilizaci\u00f3n de cookies y para evitar su uso. Para obtener m\u00e1s informaci\u00f3n visite nuestra\u00a0pol\u00edtica de cookies. \u00a0 \u00bfQu\u00e9 medidas de seguridad aplicamos? Aplicamos las medidas de seguridad establecidas en el art\u00edculo 32 del RGPD, por tanto, hemos adoptado las medidas de seguridad necesarias para garantizar un nivel de seguridad adecuado al riesgo del tratamiento de datos que realizamos, con mecanismos que nos permiten garantizar la confidencialidad, integridad, disponibilidad y resiliencia permanente de los sistemas y servicios de tratamiento. Algunas de estas medidas son: Informaci\u00f3n de las pol\u00edticas de tratamiento de datos al personal. Realizaci\u00f3n de copias de seguridad peri\u00f3dicas. Control de acceso a losRead More &raquo;Pol\u00edtica de protecci\u00f3n de datos","og_url":"https:\/\/konigiberica.com\/ca\/politica-de-proteccion-de-datos\/","og_site_name":"K\u00f6nig. T\u00e9cnicas de reparaci\u00f3n y materiales de superficie","article_modified_time":"2024-01-04T18:26:31+00:00","twitter_card":"summary_large_image","twitter_misc":{"Temps estimat de lectura":"5 minuts"},"schema":{"@context":"https:\/\/schema.org","@graph":[{"@type":"WebPage","@id":"https:\/\/konigiberica.com\/politica-de-proteccion-de-datos\/","url":"https:\/\/konigiberica.com\/politica-de-proteccion-de-datos\/","name":"Pol\u00edtica de protecci\u00f3n de datos - K\u00f6nig. T\u00e9cnicas de reparaci\u00f3n y materiales de superficie","isPartOf":{"@id":"https:\/\/konigiberica.com\/#website"},"datePublished":"2023-12-14T09:43:42+00:00","dateModified":"2024-01-04T18:26:31+00:00","breadcrumb":{"@id":"https:\/\/konigiberica.com\/politica-de-proteccion-de-datos\/#breadcrumb"},"inLanguage":"ca","potentialAction":[{"@type":"ReadAction","target":["https:\/\/konigiberica.com\/politica-de-proteccion-de-datos\/"]}]},{"@type":"BreadcrumbList","@id":"https:\/\/konigiberica.com\/politica-de-proteccion-de-datos\/#breadcrumb","itemListElement":[{"@type":"ListItem","position":1,"name":"Portada","item":"https:\/\/konigiberica.com\/"},{"@type":"ListItem","position":2,"name":"Pol\u00edtica de protecci\u00f3n de datos"}]},{"@type":"WebSite","@id":"https:\/\/konigiberica.com\/#website","url":"https:\/\/konigiberica.com\/","name":"K\u00f6nig. T\u00e8cniques de reparaci\u00f3 i materials de superf\u00edcie","description":"K\u00f6nig t\u00e9 un nivell d&#039;experi\u00e8ncia inigualable en t\u00e8cniques de reparaci\u00f3 i materials de superf\u00edcies.","potentialAction":[{"@type":"SearchAction","target":{"@type":"EntryPoint","urlTemplate":"https:\/\/konigiberica.com\/?s={search_term_string}"},"query-input":{"@type":"PropertyValueSpecification","valueRequired":true,"valueName":"search_term_string"}}],"inLanguage":"ca"}]}},"_links":{"self":[{"href":"https:\/\/konigiberica.com\/ca\/wp-json\/wp\/v2\/pages\/1256","targetHints":{"allow":["GET"]}}],"collection":[{"href":"https:\/\/konigiberica.com\/ca\/wp-json\/wp\/v2\/pages"}],"about":[{"href":"https:\/\/konigiberica.com\/ca\/wp-json\/wp\/v2\/types\/page"}],"author":[{"embeddable":true,"href":"https:\/\/konigiberica.com\/ca\/wp-json\/wp\/v2\/users\/1"}],"replies":[{"embeddable":true,"href":"https:\/\/konigiberica.com\/ca\/wp-json\/wp\/v2\/comments?post=1256"}],"version-history":[{"count":0,"href":"https:\/\/konigiberica.com\/ca\/wp-json\/wp\/v2\/pages\/1256\/revisions"}],"wp:attachment":[{"href":"https:\/\/konigiberica.com\/ca\/wp-json\/wp\/v2\/media?parent=1256"}],"curies":[{"name":"wp","href":"https:\/\/api.w.org\/{rel}","templated":true}]}}